{"id":159,"date":"2016-01-20T06:52:25","date_gmt":"2016-01-20T06:52:25","guid":{"rendered":"http:\/\/singlestroke.io\/demo\/primrose-wp\/product\/mini-diamond-ring-bearer-box\/"},"modified":"2020-02-20T09:56:27","modified_gmt":"2020-02-20T09:56:27","slug":"culture","status":"publish","type":"product","link":"https:\/\/aventuratrekking.ro\/en\/product\/culture\/","title":{"rendered":"Vacan\u021b\u0103 eco-activ\u0103 \u00een mun\u021bii P\u0103durea Craiului : 8 zile de relaxare \u00een natur\u0103"},"content":{"rendered":"<p><strong>Ziua 1: Transfer &#8211; <\/strong>&nbsp;Bun venit \u00een eco destina\u021bia P\u0103durea Craiului!<\/p>\n<p>12:00 \u2013 18:00: Transfer p\u00e2n\u0103 la \u0218uncuius, P\u0103durea Craiului<\/p>\n<p>18:00 \u2013 Check-in cazare<\/p>\n<p>20:00 \u2013 22:00 : Cin\u0103<\/p>\n<p>&nbsp;<\/p>\n<p><strong>Ziua 2 \u2013 Ziua Cultural\u0103 &#8211; <\/strong>Vizit\u0103 la dou\u0103 biserici de lemn prin 2 parcuri naturale<\/p>\n<p><strong>&nbsp;39 km 300 urcare\/ 300 cobor\u00e2re <\/strong><\/p>\n<p><em>V\u0103 propunem o zi \u00een care pedal\u0103m prin dou\u0103 arii naturale protejate P\u0103durea Craiului \u0219i Muntele \u0218es.&nbsp; Pornim din vestita localitate Vadu Cri\u0219ului travers\u0103m un sat lini\u0219tit pentru a ajunge la un punct de belvedere din care se poate admira natura \u00een splendoarea ei. Drumul p\u00e2n\u0103 la cele dou\u0103 biserici de lemn construite \u00een urm\u0103 cu 300 de ani \u00een localit\u0103\u021bile Lunc\u0219oara \u0219i Gheghie str\u0103bate poieni, dealuri \u0219i livezi bucolice.<\/em><\/p>\n<p><strong>&nbsp;<\/strong><\/p>\n<p>8:00 \u2013 10:00 \u2013 Mic Dejun<\/p>\n<p>10:00 \u2013 12:30 \u2013 Start pe traseul de cicloturism &#8211; Vizit\u0103 la biserica de lemn din Lunc\u0219oara<\/p>\n<p>12:30 \u2013 14:00 \u2013 Pranz \u00een localitatea Gheghie<\/p>\n<p>14:00 \u2013 17:00&nbsp; Vizit\u0103 Biserica de lemn Gheghie \u0219i \u00eentoarcere spre unitate de cazare<\/p>\n<p>17:00 \u2013 19:00 Timp liber<\/p>\n<p>19:00 \u2013 20:30 \u2013 Cin\u0103<\/p>\n<p><strong>Ziua 3 \u2013 Gastronomie local\u0103 <\/strong>\u0219i peisaje pitore\u0219ti<\/p>\n<p>Biciclet\u0103 45 km. (500m. urcare \u0219i cobor\u00e2re)&nbsp;<\/p>\n<p><em>\u00cen aceast\u0103 zi str\u0103batem c\u00e2teva sate r\u0103sfirate pe dealurile eco destina\u021biei P\u0103durea Craiului. Dup\u0103 c\u00e2teva urc\u0103ri \u0219i cobor\u00e2ri mai anevoioase vizit\u0103m alte obiective culturale, unice \u00een jude\u021bul Bihor. Cea mai mare biseric\u0103 de lemn din Bihor \u0219i singura biseric\u0103 de lemn care mai p\u0103streaz\u0103 pe exterior pictur\u0103 religioas\u0103 din sec XVII. Dup\u0103 o masa de pr\u00e2nz cu produse tradi\u021bionale ziua continu\u0103 prin p\u0103duri de fag spre o atrac\u021bie natural\u0103 deosebit\u0103, Cascada Boiului.<\/em><\/p>\n<p><strong>&nbsp;<\/strong><\/p>\n<p>8:00 \u2013 10:00: Mic Dejun<\/p>\n<p>10:00 \u2013 13:00: Traseu cicloturism p\u00e2n\u0103 la Valea Cri\u0219ului<\/p>\n<p>13:00 \u2013 14:30: Pr\u00e2nz tradi\u021bional la Valea Cri\u0219ului<\/p>\n<p>14:30 \u2013 15:00: Vizit\u0103 biserica de lemn<\/p>\n<p>15:00 \u2013 18:00: Continuare traseu cicloturism spre Cascada Boiului<\/p>\n<p>18:00 \u2013 19:00: Timp liber<\/p>\n<p>19:00 \u2013 20:30: Cin\u0103<\/p>\n<p><strong>Ziua 4 \u2013 0 km \u2013 Universul subteran \u0219i atelier de ol\u0103rit<\/strong><\/p>\n<p><em>O zi \u00een care experien\u021ba noastr\u0103 este completat\u0103 cu o activitate de aventur\u0103 \u0219i un atelier me\u0219te\u0219ug\u0103resc. Ne vom strecura \u00een m\u0103runtaiele p\u0103m\u00e2ntului al\u0103turi de ghizi de speoturism, \u00een cea mai lung\u0103 cavern\u0103 din Rom\u00e2nia, Pe\u0219tera V\u00e2ntului.&nbsp; Seara \u00eenainte de cin\u0103 ne creem din lut propriile obiecte ajuta\u021bi de un olar local. <\/em><\/p>\n<p><strong>&nbsp;<\/strong><\/p>\n<p>8:00 \u2013 10:00 \u2013 Mic dejun<\/p>\n<p>10:00 \u2013 14:00 \u2013&nbsp; Speotourism \u2013 Vizit\u0103 \u00een cea mai lung\u0103 pe\u0219ter\u0103 din&nbsp; Rom\u00e2nia<\/p>\n<p>14:00 \u2013 15:00 \u2013 Pr\u00e2nz servit la Pensiunea Gradia<\/p>\n<p>15:00 \u2013 18:00 \u2013&nbsp; Atelier de ol\u0103rit cu un olar local &#8211; 60 lei\/pers<\/p>\n<p>19:00 \u2013 20:30 \u2013 Cin\u0103<\/p>\n<p><strong>&nbsp;<\/strong><\/p>\n<p><strong>Ziua 5 &#8211; Priveli\u0219ti spectaculoase &#8211;<\/strong> Trekking \u0219i Via ferrata<\/p>\n<p>\u00cen cea dea 5-a zi, ne vom bucura de c\u0103l\u0103toria la pas prin Defileul Cri\u0219ului Repede. De diminea\u021b\u0103 ne test\u0103m abilit\u0103\u021bile prin traseul spectaculos de Via Ferrata. Cei muncitori vor fi recompensa\u021bi cu o priveli\u0219te deosebit\u0103 asupra defileului Cri\u0219ului Repede. Dup\u0103 pr\u00e2nz pornim la pas spre localitatea \u0218uncuiu\u0219 pe traseul versantului drept. Pe drum admir\u0103m \u0219i o frumoas\u0103 cascad\u0103 \u0219i termin\u0103m ziua cu un foc de tab\u0103r\u0103 la Pensiunea Gradia.<\/p>\n<p>8:00 \u2013 10:00 \u2013 Mic Dejun<\/p>\n<p>10:00 \u2013 12:00 \u2013 Rut\u0103 Via Ferrata<\/p>\n<p>12:00 \u2013 18:00 \u2013 Trekking prin defileul Crisului Repede<\/p>\n<p>18:00 \u2013 23:00 \u2013 Cin\u0103 \u0219i foc de tab\u0103r\u0103 la Pensiunea Gradia<\/p>\n<p>&nbsp;<\/p>\n<p><strong>Ziua 6 &#8211; Turul capitalei Art Nouveau <\/strong>din Rom\u00e2nia &#8211; Oradea<\/p>\n<p>Dup\u0103 c\u00e2teva zile petrecute \u00een natur\u0103, v\u0103 propunem un tur al ora\u0219ului Oradea &#8211; cu arhitectura sa unic\u0103 Art Nouveau. Dup\u0103 prezentarea ora\u0219ului la pas, poposim la un restaurant cochet.<\/p>\n<p>8:00 \u2013 10:00: Mic Dejun<\/p>\n<p>10:00 \u2013 12:00: Transport p\u00e2n\u0103 la Oradea&nbsp;<\/p>\n<p>12:00 \u2013 13:00: Check-in cazare<\/p>\n<p>13:00 &#8211; 14:30: Pranz la hotel<\/p>\n<p>14:30 \u2013 18:00: Turul ora\u0219ului pe jos<\/p>\n<p>18:00&nbsp; \u201320:00: Cina<\/p>\n<p><strong>Ziua 7 &#8211; Ziua de relaxare &#8211; <\/strong>B\u0103i termale<\/p>\n<p>\u00cen ultima zi a turului, petrecem o zi de relaxare \u00een faimoasele b\u0103i termale din arealul Oradiei.<\/p>\n<p>8:00 \u2013 10:00 \u2013 Mic Dejun<\/p>\n<p>10:00 \u2013 18:00 \u2013 Aqua Park Nymphea<\/p>\n<p>18:00: &#8211; 22:00 &#8211; Cina<\/p>\n<p><strong>Ziua 8 &#8211; Plecare spre cas\u0103<\/strong><\/p>\n<p>8:00 \u2013 10:00 \u2013 Mic Dejun<\/p>\n<p>10:00 \u2013 Check-out: Plecare spre cas\u0103<\/p>\n<p>&nbsp;<\/p>\n<h1><span style=\"color: #33cccc;\"><strong>Ce este inclus<\/strong><\/span><\/h1>\n<ul>\n<li>2 <strong>activit\u0103\u021bi de aventur\u0103<\/strong>&nbsp;(Via Ferrata \u0219i Speoturism)<\/li>\n<li><strong>M\u00e2ncare<\/strong>\u2013 3 mese pe zi (mic dejun, pr\u00e2nz \u0219i cin\u0103)<\/li>\n<li><strong>2 zile de cicloturism &#8211; Biciclete <\/strong>profesionale de&nbsp;<strong>munte <\/strong>\u0219i echipamente de protec\u021bie<\/li>\n<li><strong>5 Nop\u021bi de cazare <\/strong>la pensiunea Gradia<\/li>\n<li>Un <strong>ghid <\/strong>care v\u0103 va \u00eenso\u021bi pe perioada vacan\u021bei<\/li>\n<li>Ghizi profesioni\u0219ti pentru fiecare activitate<\/li>\n<li><strong>Ma\u0219in\u0103 de depanare<\/strong><\/li>\n<li><strong>Intr\u0103rile <\/strong>la toate activit\u0103\u021bile turistice enumerate \u00een ofert\u0103<\/li>\n<li><strong>Trasee <\/strong>concepute special pentru amatorii de ecoturism<\/li>\n<li><strong>Asigurarea <\/strong>pachetului turistic \u2013 \u00een cazul \u00een care firma d\u0103 faliment ve\u021bi primi banii \u00eenapoi<\/li>\n<li><strong>Poze \u0219i film\u0103ri&nbsp;<\/strong>ale vacan\u021bei tale<\/li>\n<li>O&nbsp;<strong>experient\u0103 <\/strong>de vacan\u021b\u0103&nbsp;<strong>unic\u0103<\/strong><\/li>\n<\/ul>\n<p>&nbsp;<\/p>\n<h1><span style=\"color: #ff0000;\"><strong>Ce nu este inclus<\/strong><\/span><\/h1>\n<ul>\n<li><strong>Asigurare <\/strong>medicala de c\u0103l\u0103torie<\/li>\n<li><strong>Crem\u0103 de soare<\/strong>(dar putem face rost)<\/li>\n<li>Transportul p\u00e2n\u0103 la \u0219i de la destina\u021bia \u0218uncuiu\u0219<\/li>\n<li>Consumul propriu de b\u0103uturi<\/li>\n<\/ul>\n<h1 style=\"text-align: center;\"><strong><span style=\"color: #ff0000;\">REZERV\u0102 ACUM SAU CONTACTEAZ\u0102-NE DAC\u0102 AI INTREB\u0102RI!<\/span><\/strong><\/h1>\n<h2 style=\"text-align: center;\"><strong>Telefon: 00 40 (770) 873 455 <\/strong>sau <strong>00 40 (746) 972 418<\/strong><\/h2>\n<h2 style=\"text-align: center;\">Email: contact@aventuratrekking.ro<\/h2>\n<p>&nbsp;<\/p>\n<p>&nbsp;<\/p>\n<p>&nbsp;<\/p>\n<h3 style=\"text-align: center;\"><strong>Un eveniment in parteneriat cu:&nbsp;<\/strong><\/h3>\n<p><img loading=\"lazy\" decoding=\"async\" class=\"size-medium wp-image-1264 alignright\" src=\"https:\/\/aventuratrekking.ro\/wp-content\/uploads\/2019\/03\/padurea-craiului-partener-300x212.jpg\" alt=\"\" width=\"300\" height=\"212\" srcset=\"https:\/\/aventuratrekking.ro\/wp-content\/uploads\/2019\/03\/padurea-craiului-partener-300x212.jpg 300w, https:\/\/aventuratrekking.ro\/wp-content\/uploads\/2019\/03\/padurea-craiului-partener-768x543.jpg 768w, https:\/\/aventuratrekking.ro\/wp-content\/uploads\/2019\/03\/padurea-craiului-partener-1024x724.jpg 1024w, https:\/\/aventuratrekking.ro\/wp-content\/uploads\/2019\/03\/padurea-craiului-partener-1080x763.jpg 1080w, https:\/\/aventuratrekking.ro\/wp-content\/uploads\/2019\/03\/padurea-craiului-partener-480x339.jpg 480w, https:\/\/aventuratrekking.ro\/wp-content\/uploads\/2019\/03\/padurea-craiului-partener-600x424.jpg 600w\" sizes=\"auto, (max-width: 300px) 100vw, 300px\" \/> <img loading=\"lazy\" decoding=\"async\" class=\"size-medium wp-image-1336 alignleft\" src=\"https:\/\/aventuratrekking.ro\/wp-content\/uploads\/2019\/07\/Logo-Biciclez-PNG-300x138.png\" alt=\"\" width=\"300\" height=\"138\" srcset=\"https:\/\/aventuratrekking.ro\/wp-content\/uploads\/2019\/07\/Logo-Biciclez-PNG-300x138.png 300w, https:\/\/aventuratrekking.ro\/wp-content\/uploads\/2019\/07\/Logo-Biciclez-PNG.png 340w\" sizes=\"auto, (max-width: 300px) 100vw, 300px\" \/> <img loading=\"lazy\" decoding=\"async\" class=\"size-medium wp-image-1278 aligncenter\" src=\"https:\/\/aventuratrekking.ro\/wp-content\/uploads\/2019\/05\/1simbo_tour-300x135.jpg\" alt=\"\" width=\"300\" height=\"135\" srcset=\"https:\/\/aventuratrekking.ro\/wp-content\/uploads\/2019\/05\/1simbo_tour-300x135.jpg 300w, https:\/\/aventuratrekking.ro\/wp-content\/uploads\/2019\/05\/1simbo_tour.jpg 370w\" sizes=\"auto, (max-width: 300px) 100vw, 300px\" \/><\/p>\n<p>&nbsp;<\/p>","protected":false},"excerpt":{"rendered":"<p><b><i>Scurt\u0103 Descriere: <\/i><\/b><em>V\u0103 provoc\u0103m la experien\u021be unice, de repovestit. Descoperim din \u0219aua bicicletei cele mai spectaculoase peisaje din P\u0103durea Craiului \u0219i Muntele \u0218es, jude\u021bul Bihor. Afl\u0103m istoria locurilor la popasurile de la bisericile de lemn \u0219i degust\u0103m produse locale de sezon \u00eentr-un cadru idilic. <\/em><\/p>\n<p><em>Experien\u021ba este completat\u0103 cu vizitarea unei pe\u0219teri, \u00een regim speoturistic,&nbsp; unde echipa\u021bi corespunz\u0103tor, afl\u0103m de la ghizi profesioni\u0219ti istoria acestor adev\u0103rate catedrale subterane din Bihor. \u0218i pentru ca emo\u021bia s\u0103 fie rememorabil\u0103 urc\u0103m pe st\u00e2nci, pentru a admira de sus, defileul Cri\u0219ului Repede. Iar dup\u0103 cele 5 zile active, petrecute \u00een natur\u0103 propunem o relaxare la Aqua park Nymphea \u0219i o plimbare prin elegantul ora\u0219 Oradea.<\/em><\/p>\n<p><em>&nbsp;<\/em><strong><em>Dificultate: <\/em><\/strong><em>U\u0219or spre Mediu(15-35 km.\/zi biciclet\u0103) \u0219i 5-10 km. de trekking\/zi<\/em><\/p>","protected":false},"featured_media":1389,"comment_status":"open","ping_status":"closed","template":"","meta":{"ngg_post_thumbnail":0},"class_list":["post-159","product","type-product","status-publish","has-post-thumbnail","hentry","product_cat-eco","product_tag-adventure","product_tag-bike","product_tag-culture","product_tag-cycling","product_tag-eco","product_tag-padurea-craiului","product_tag-speo"],"_links":{"self":[{"href":"https:\/\/aventuratrekking.ro\/en\/wp-json\/wp\/v2\/product\/159","targetHints":{"allow":["GET"]}}],"collection":[{"href":"https:\/\/aventuratrekking.ro\/en\/wp-json\/wp\/v2\/product"}],"about":[{"href":"https:\/\/aventuratrekking.ro\/en\/wp-json\/wp\/v2\/types\/product"}],"replies":[{"embeddable":true,"href":"https:\/\/aventuratrekking.ro\/en\/wp-json\/wp\/v2\/comments?post=159"}],"wp:featuredmedia":[{"embeddable":true,"href":"https:\/\/aventuratrekking.ro\/en\/wp-json\/wp\/v2\/media\/1389"}],"wp:attachment":[{"href":"https:\/\/aventuratrekking.ro\/en\/wp-json\/wp\/v2\/media?parent=159"}],"curies":[{"name":"wp","href":"https:\/\/api.w.org\/{rel}","templated":true}]}}