{"id":533,"date":"2017-07-13T05:45:10","date_gmt":"2017-07-13T05:45:10","guid":{"rendered":"http:\/\/aventuratrekking.ro\/web\/?page_id=533"},"modified":"2026-03-26T17:26:10","modified_gmt":"2026-03-26T17:26:10","slug":"via-ferrata","status":"publish","type":"page","link":"https:\/\/aventuratrekking.ro\/en\/via-ferrata\/","title":{"rendered":"Via Ferrata"},"content":{"rendered":"<div id=\"pl-533\"  class=\"panel-layout\" ><div id=\"pg-533-0\"  class=\"panel-grid panel-has-style\" ><div class=\"siteorigin-panels-stretch panel-row-style panel-row-style-for-533-0\" data-stretch-type=\"full-width-stretch\" ><div id=\"pgc-533-0-0\"  class=\"panel-grid-cell\" ><div id=\"panel-533-0-0-0\" class=\"so-panel widget widget_primrose-sow-hero-slider panel-first-child panel-last-child\" data-index=\"0\" ><div\n\t\t\t\n\t\t\tclass=\"so-widget-primrose-sow-hero-slider so-widget-primrose-sow-hero-slider-default-d5ac2fc7e6eb-533\"\n\t\t\t\n\t\t>\t<div class=\"primrose-sow-hero-slider slick\" data-autoplay=\"5000\">\r\n\t\t\t\t\t<div class=\"primrose-sow-hero-slide primrose-sow-hero-slide-0\" style=\"background-color: #f3f3f3;\">\r\n\t\t\t\t<div class=\"primrose-sow-hero-slide-background primrose-sow-background-cover\">\r\n\t\t\t\t\t\r\n\t\t\t\t\t\t\t\t\t\t\t\t<img class=\"primrose-sow-hero-slide-background-image\" alt=\"\"\r\n\t\t\t\t\t\t\t\tsrc=\"https:\/\/aventuratrekking.ro\/wp-content\/uploads\/2017\/07\/slide-ok-via-ferrata.jpg\"\r\n\t\t\t\t\t\t\t\theight=\"730\"\r\n\t\t\t\t\t\t\t\twidth=\"1903\"\r\n\t\t\t\t\t\t\t\t>\r\n\t\t\t\t\t\t\r\n\t\t\t\t\t\r\n\t\t\t\t<\/div><!-- .primrose-sow-hero-slide-background -->\r\n\r\n\t\t\t\t<div class=\"primrose-sow-hero-slide-overlay\" style=\"background-color: rgba(0,0,0,0.2);\"><\/div>\r\n\r\n\t\t\t\t<div class=\"primrose-sow-hero-slide-content\">\r\n\t\t\t\t\t<div class=\"primrose-sow-hero-slide-content-inner\">\r\n\t\t\t\t\t\t\t\t\t\t\t\t\t<div class=\"primrose-sow-hero-slide-title\">VIA FERRATA<\/div>\r\n\t\t\t\t\t\t\r\n\t\t\t\t\t\t<div\n\t\t\t\n\t\t\tclass=\"so-widget-primrose-sow-buttons so-widget-primrose-sow-buttons-default-cbcce578a98a\"\n\t\t\t\n\t\t>\t<div class=\"primrose-sow-buttons primrose-sow-alignment-center\">\r\n\t\t\t<\/div><!-- .primrose-sow-buttons -->\r\n<\/div>\t\t\t\t\t<\/div>\r\n\t\t\t\t<\/div><!-- .primrose-sow-hero-slide-content -->\r\n\t\t\t\t\r\n\t\t\t<\/div><!-- .primrose-sow-hero-slide -->\r\n\t\t\t<\/div><!-- .primrose-sow-hero-slider -->\r\n<\/div><\/div><\/div><\/div><\/div><div id=\"pg-533-1\"  class=\"panel-grid panel-has-style\" ><div class=\"panel-row-style panel-row-style-for-533-1\" ><div id=\"pgc-533-1-0\"  class=\"panel-grid-cell\" ><div id=\"panel-533-1-0-0\" class=\"so-panel widget widget_text panel-first-child panel-last-child\" data-index=\"1\" >\t\t\t<div class=\"textwidget\"><p>Via ferrata este un traseu montan ce ofer\u0103 turi\u0219tilor priveli\u0219ti spectaculoase. Traseele sunt prev\u0103zute cu cabluri, cu sc\u0103ri \u0219i poduri metalice, prinse direct \u00een st\u00e2nca. Dat fiind faptul c\u0103 un astfel de traseu este amenajat deja cu corzi, ve\u021bi avea posibilitatea de a nu aduce corzi de c\u0103\u021b\u0103rare de acas\u0103.<\/p>\n<p>Oricat ar parea \u00eensa de simplu, un astfel de traseu nu trebuie sa v\u0103 lase impresia c\u0103 nu ar fi deloc periculos, astfel c\u0103 e nevoie de aten\u021bie maxima \u00een parcurgerea sa. De regula traseele de via ferrata vor fi parte a unor trasee de drume\u021bii si nu sunt foarte lungi, dar sentimentul de aventur\u0103 si serenitate a naturii ce v\u0103 va cople\u0219i toate sim\u021burile va fi pur \u0219i simplu incomparabil.<\/p>\n<p><\/p>\n<p>Traseele sunt amenajate cu cabluri metalice pentru asigurare \u0219i cu scoabe metalice pentru a putea urca. Accesul pe cele dou\u0103 trasee este permis doar cu echipament de via ferrata.<\/p>\n<\/div>\n\t\t<\/div><\/div><\/div><\/div><div id=\"pg-533-2\"  class=\"panel-grid panel-no-style\" ><div id=\"pgc-533-2-0\"  class=\"panel-grid-cell\" ><div id=\"panel-533-2-0-0\" class=\"so-panel widget widget_primrose-sow-heading panel-first-child panel-last-child\" data-index=\"2\" ><div\n\t\t\t\n\t\t\tclass=\"so-widget-primrose-sow-heading so-widget-primrose-sow-heading-default-d75171398898-533\"\n\t\t\t\n\t\t><h2 class=\"primrose-sow-heading primrose-sow-alignment-center\">TRASEE VIA FERRATA<\/h2><\/div><\/div><\/div><\/div><div id=\"pg-533-3\"  class=\"panel-grid panel-has-style\" ><div class=\"siteorigin-panels-stretch panel-row-style panel-row-style-for-533-3\" data-stretch-type=\"full\" id=\"features\" data-anchor=\"features\" ><div id=\"pgc-533-3-0\"  class=\"panel-grid-cell\" ><div id=\"panel-533-3-0-0\" class=\"so-panel widget widget_primrose-sow-feature panel-first-child panel-last-child\" data-index=\"3\" ><div\n\t\t\t\n\t\t\tclass=\"so-widget-primrose-sow-feature so-widget-primrose-sow-feature-default-d75171398898-533\"\n\t\t\t\n\t\t><div class=\"primrose-sow-feature\">\r\n\t<div class=\"primrose-sow-feature-icon\"><img loading=\"lazy\" decoding=\"async\" width=\"800\" height=\"800\" src=\"https:\/\/aventuratrekking.ro\/wp-content\/uploads\/2017\/07\/via-ferrata-peretele-zanelor.jpg\" class=\"attachment-full size-full\" alt=\"\" srcset=\"https:\/\/aventuratrekking.ro\/wp-content\/uploads\/2017\/07\/via-ferrata-peretele-zanelor.jpg 800w, https:\/\/aventuratrekking.ro\/wp-content\/uploads\/2017\/07\/via-ferrata-peretele-zanelor-300x300.jpg 300w, https:\/\/aventuratrekking.ro\/wp-content\/uploads\/2017\/07\/via-ferrata-peretele-zanelor-100x100.jpg 100w, https:\/\/aventuratrekking.ro\/wp-content\/uploads\/2017\/07\/via-ferrata-peretele-zanelor-600x600.jpg 600w, https:\/\/aventuratrekking.ro\/wp-content\/uploads\/2017\/07\/via-ferrata-peretele-zanelor-150x150.jpg 150w, https:\/\/aventuratrekking.ro\/wp-content\/uploads\/2017\/07\/via-ferrata-peretele-zanelor-768x768.jpg 768w, https:\/\/aventuratrekking.ro\/wp-content\/uploads\/2017\/07\/via-ferrata-peretele-zanelor-480x480.jpg 480w\" sizes=\"auto, (max-width: 800px) 100vw, 800px\" \/><\/div>\r\n\t<h4 class=\"primrose-sow-feature-heading\" style=\"color: #2a4d83;\">Via ferrata Vadu Cri\u015fului, Peretele Z\u00e2nelor<\/h4>\r\n\t<div class=\"primrose-sow-feature-description\"><p><strong>Defileul Cri\u0219ului Repede<\/strong> este un traseu spectaculos care ofer\u0103 o extraordinar\u0103 priveli\u0219te asupra v\u0103ii \u0219i pere\u021bilor defileului. Este amenajat pe malul drept al r\u00e2ului Cri\u015ful Repede \u015fi se afl\u0103 \u00eentre Casa Zmeului \u015fi primul tunel, \u00eentr-un abrupt de st\u00e2nc\u0103 de circa 100m care se nume\u0219te Peretele Z\u00e2nelor.<\/p>\n<p><a href=\"#\"><strong>Find out more<\/strong><\/a><\/p><\/div>\r\n<\/div><!-- .primrose-sow-feature --><\/div><\/div><\/div><div id=\"pgc-533-3-1\"  class=\"panel-grid-cell\" ><div id=\"panel-533-3-1-0\" class=\"so-panel widget widget_primrose-sow-feature panel-first-child panel-last-child\" data-index=\"4\" ><div\n\t\t\t\n\t\t\tclass=\"so-widget-primrose-sow-feature so-widget-primrose-sow-feature-default-d75171398898-533\"\n\t\t\t\n\t\t><div class=\"primrose-sow-feature\">\r\n\t<div class=\"primrose-sow-feature-icon\"><img loading=\"lazy\" decoding=\"async\" width=\"800\" height=\"800\" src=\"https:\/\/aventuratrekking.ro\/wp-content\/uploads\/2017\/07\/via-ferrata-valea-hodoaba.jpg\" class=\"attachment-full size-full\" alt=\"\" srcset=\"https:\/\/aventuratrekking.ro\/wp-content\/uploads\/2017\/07\/via-ferrata-valea-hodoaba.jpg 800w, https:\/\/aventuratrekking.ro\/wp-content\/uploads\/2017\/07\/via-ferrata-valea-hodoaba-300x300.jpg 300w, https:\/\/aventuratrekking.ro\/wp-content\/uploads\/2017\/07\/via-ferrata-valea-hodoaba-100x100.jpg 100w, https:\/\/aventuratrekking.ro\/wp-content\/uploads\/2017\/07\/via-ferrata-valea-hodoaba-600x600.jpg 600w, https:\/\/aventuratrekking.ro\/wp-content\/uploads\/2017\/07\/via-ferrata-valea-hodoaba-150x150.jpg 150w, https:\/\/aventuratrekking.ro\/wp-content\/uploads\/2017\/07\/via-ferrata-valea-hodoaba-768x768.jpg 768w, https:\/\/aventuratrekking.ro\/wp-content\/uploads\/2017\/07\/via-ferrata-valea-hodoaba-480x480.jpg 480w\" sizes=\"auto, (max-width: 800px) 100vw, 800px\" \/><\/div>\r\n\t<h4 class=\"primrose-sow-feature-heading\" style=\"color: #2a4d83;\">Via ferrata \u201dValea Hodoaba\u201d<\/h4>\r\n\t<div class=\"primrose-sow-feature-description\"><p><strong>\u0218uncuiu\u0219<\/strong> este situat \u00een apropierea Pe\u0219terii Unguru Mare. Acesta are o lungime de 40 de metri \u0219i este recomandat tuturor turi\u0219tilor pasiona\u021bi de aventur\u0103 montan\u0103. Pe acest traseu poate fi admirat \u0219i fotografiat, \u00een condi\u021bii de siguran\u021b\u0103, de la o \u00een\u0103l\u021bime de 40 de metri o parte din defileul Cri\u0219ului Repede.<\/p>\n<p><a href=\"#\"><strong>Find out more<\/strong><\/a><\/p><\/div>\r\n<\/div><!-- .primrose-sow-feature --><\/div><\/div><\/div><div id=\"pgc-533-3-2\"  class=\"panel-grid-cell\" ><div id=\"panel-533-3-2-0\" class=\"so-panel widget widget_primrose-sow-feature panel-first-child panel-last-child\" data-index=\"5\" ><div\n\t\t\t\n\t\t\tclass=\"so-widget-primrose-sow-feature so-widget-primrose-sow-feature-default-d75171398898-533\"\n\t\t\t\n\t\t><div class=\"primrose-sow-feature\">\r\n\t<div class=\"primrose-sow-feature-icon\"><img loading=\"lazy\" decoding=\"async\" width=\"800\" height=\"800\" src=\"https:\/\/aventuratrekking.ro\/wp-content\/uploads\/2017\/07\/via-ferrata-vartop-pietrele-negre.jpg\" class=\"attachment-full size-full\" alt=\"\" srcset=\"https:\/\/aventuratrekking.ro\/wp-content\/uploads\/2017\/07\/via-ferrata-vartop-pietrele-negre.jpg 800w, https:\/\/aventuratrekking.ro\/wp-content\/uploads\/2017\/07\/via-ferrata-vartop-pietrele-negre-300x300.jpg 300w, https:\/\/aventuratrekking.ro\/wp-content\/uploads\/2017\/07\/via-ferrata-vartop-pietrele-negre-100x100.jpg 100w, https:\/\/aventuratrekking.ro\/wp-content\/uploads\/2017\/07\/via-ferrata-vartop-pietrele-negre-600x600.jpg 600w, https:\/\/aventuratrekking.ro\/wp-content\/uploads\/2017\/07\/via-ferrata-vartop-pietrele-negre-150x150.jpg 150w, https:\/\/aventuratrekking.ro\/wp-content\/uploads\/2017\/07\/via-ferrata-vartop-pietrele-negre-768x768.jpg 768w, https:\/\/aventuratrekking.ro\/wp-content\/uploads\/2017\/07\/via-ferrata-vartop-pietrele-negre-480x480.jpg 480w\" sizes=\"auto, (max-width: 800px) 100vw, 800px\" \/><\/div>\r\n\t<h4 class=\"primrose-sow-feature-heading\" style=\"color: #2a4d83;\">Via ferrata Pietrele Negre<\/h4>\r\n\t<div class=\"primrose-sow-feature-description\"><p><strong>V\u00e2rtop<\/strong> este situat \u00een Parcul Natural Apuseni. Este un traseu spectaculos, inaugurat recent, de-a lungul c\u0103ruia turi\u0219tii trebuie s\u0103 se ca\u021bere pe st\u00e2nci cu ajutorul unor cabluri, sc\u0103ri \u0219i pode\u021be metalice. \u00cen\u0103l\u021bimea la care se afl\u0103 traseul este de aproximativ 1.000 de metri, iar curajo\u0219ii trebuie s\u0103 fie aten\u021bi la fiecare pas pe care \u00eel fac, pe parcursul celor aproape 300 de metri.<\/p>\n<p><a href=\"#\"><strong>Find out more<\/strong><\/a><\/p><\/div>\r\n<\/div><!-- .primrose-sow-feature --><\/div><\/div><\/div><\/div><\/div><div id=\"pg-533-4\"  class=\"panel-grid panel-has-style\" ><div class=\"panel-row-style panel-row-style-for-533-4\" ><div id=\"pgc-533-4-0\"  class=\"panel-grid-cell\" ><div id=\"panel-533-4-0-0\" class=\"so-panel widget widget_primrose-sow-heading panel-first-child panel-last-child\" data-index=\"6\" ><div\n\t\t\t\n\t\t\tclass=\"so-widget-primrose-sow-heading so-widget-primrose-sow-heading-default-d75171398898-533\"\n\t\t\t\n\t\t><h2 class=\"primrose-sow-heading primrose-sow-alignment-center\">TRASEE VIA FERRATA + TREKKING<\/h2><\/div><\/div><\/div><\/div><\/div><div id=\"pg-533-5\"  class=\"panel-grid panel-has-style\" ><div class=\"siteorigin-panels-stretch panel-row-style panel-row-style-for-533-5\" data-stretch-type=\"full\" id=\"features\" data-anchor=\"features\" ><div id=\"pgc-533-5-0\"  class=\"panel-grid-cell\" ><div id=\"panel-533-5-0-0\" class=\"so-panel widget widget_primrose-sow-feature panel-first-child panel-last-child\" data-index=\"7\" ><div\n\t\t\t\n\t\t\tclass=\"so-widget-primrose-sow-feature so-widget-primrose-sow-feature-default-d75171398898-533\"\n\t\t\t\n\t\t><div class=\"primrose-sow-feature\">\r\n\t<div class=\"primrose-sow-feature-icon\"><img loading=\"lazy\" decoding=\"async\" width=\"800\" height=\"800\" src=\"https:\/\/aventuratrekking.ro\/wp-content\/uploads\/2017\/07\/groapa-ruginoasa.jpg\" class=\"attachment-full size-full\" alt=\"\" srcset=\"https:\/\/aventuratrekking.ro\/wp-content\/uploads\/2017\/07\/groapa-ruginoasa.jpg 800w, https:\/\/aventuratrekking.ro\/wp-content\/uploads\/2017\/07\/groapa-ruginoasa-300x300.jpg 300w, https:\/\/aventuratrekking.ro\/wp-content\/uploads\/2017\/07\/groapa-ruginoasa-100x100.jpg 100w, https:\/\/aventuratrekking.ro\/wp-content\/uploads\/2017\/07\/groapa-ruginoasa-600x600.jpg 600w, https:\/\/aventuratrekking.ro\/wp-content\/uploads\/2017\/07\/groapa-ruginoasa-150x150.jpg 150w, https:\/\/aventuratrekking.ro\/wp-content\/uploads\/2017\/07\/groapa-ruginoasa-768x768.jpg 768w, https:\/\/aventuratrekking.ro\/wp-content\/uploads\/2017\/07\/groapa-ruginoasa-480x480.jpg 480w\" sizes=\"auto, (max-width: 800px) 100vw, 800px\" \/><\/div>\r\n\t<h4 class=\"primrose-sow-feature-heading\" style=\"color: #2a4d83;\">\u015eaua V\u00e2rtop-Groapa Ruginoas\u0103-Pietrele Negre<\/h4>\r\n\t<div class=\"primrose-sow-feature-description\"><p><strong><\/strong><\/p><\/div>\r\n<\/div><!-- .primrose-sow-feature --><\/div><\/div><\/div><div id=\"pgc-533-5-1\"  class=\"panel-grid-cell\" ><div id=\"panel-533-5-1-0\" class=\"so-panel widget widget_primrose-sow-feature panel-first-child panel-last-child\" data-index=\"8\" ><div\n\t\t\t\n\t\t\tclass=\"so-widget-primrose-sow-feature so-widget-primrose-sow-feature-default-d75171398898-533\"\n\t\t\t\n\t\t><div class=\"primrose-sow-feature\">\r\n\t<div class=\"primrose-sow-feature-icon\"><img loading=\"lazy\" decoding=\"async\" width=\"800\" height=\"800\" src=\"https:\/\/aventuratrekking.ro\/wp-content\/uploads\/2017\/07\/valea-galbenei.jpg\" class=\"attachment-full size-full\" alt=\"\" srcset=\"https:\/\/aventuratrekking.ro\/wp-content\/uploads\/2017\/07\/valea-galbenei.jpg 800w, https:\/\/aventuratrekking.ro\/wp-content\/uploads\/2017\/07\/valea-galbenei-300x300.jpg 300w, https:\/\/aventuratrekking.ro\/wp-content\/uploads\/2017\/07\/valea-galbenei-100x100.jpg 100w, https:\/\/aventuratrekking.ro\/wp-content\/uploads\/2017\/07\/valea-galbenei-600x600.jpg 600w, https:\/\/aventuratrekking.ro\/wp-content\/uploads\/2017\/07\/valea-galbenei-150x150.jpg 150w, https:\/\/aventuratrekking.ro\/wp-content\/uploads\/2017\/07\/valea-galbenei-768x768.jpg 768w, https:\/\/aventuratrekking.ro\/wp-content\/uploads\/2017\/07\/valea-galbenei-480x480.jpg 480w\" sizes=\"auto, (max-width: 800px) 100vw, 800px\" \/><\/div>\r\n\t<h4 class=\"primrose-sow-feature-heading\" style=\"color: #2a4d83;\">Canton Gl\u0103voi -Valea Galbenei<\/h4>\r\n\t<div class=\"primrose-sow-feature-description\"><p><strong><\/strong><\/p><\/div>\r\n<\/div><!-- .primrose-sow-feature --><\/div><\/div><\/div><div id=\"pgc-533-5-2\"  class=\"panel-grid-cell\" ><div id=\"panel-533-5-2-0\" class=\"so-panel widget widget_primrose-sow-feature panel-first-child panel-last-child\" data-index=\"9\" ><div\n\t\t\t\n\t\t\tclass=\"so-widget-primrose-sow-feature so-widget-primrose-sow-feature-default-d75171398898-533\"\n\t\t\t\n\t\t><div class=\"primrose-sow-feature\">\r\n\t<div class=\"primrose-sow-feature-icon\"><img loading=\"lazy\" decoding=\"async\" width=\"800\" height=\"800\" src=\"https:\/\/aventuratrekking.ro\/wp-content\/uploads\/2017\/07\/cetatile-radesei.jpg\" class=\"attachment-full size-full\" alt=\"\" srcset=\"https:\/\/aventuratrekking.ro\/wp-content\/uploads\/2017\/07\/cetatile-radesei.jpg 800w, https:\/\/aventuratrekking.ro\/wp-content\/uploads\/2017\/07\/cetatile-radesei-300x300.jpg 300w, https:\/\/aventuratrekking.ro\/wp-content\/uploads\/2017\/07\/cetatile-radesei-100x100.jpg 100w, https:\/\/aventuratrekking.ro\/wp-content\/uploads\/2017\/07\/cetatile-radesei-600x600.jpg 600w, https:\/\/aventuratrekking.ro\/wp-content\/uploads\/2017\/07\/cetatile-radesei-150x150.jpg 150w, https:\/\/aventuratrekking.ro\/wp-content\/uploads\/2017\/07\/cetatile-radesei-768x768.jpg 768w, https:\/\/aventuratrekking.ro\/wp-content\/uploads\/2017\/07\/cetatile-radesei-480x480.jpg 480w\" sizes=\"auto, (max-width: 800px) 100vw, 800px\" \/><\/div>\r\n\t<h4 class=\"primrose-sow-feature-heading\" style=\"color: #2a4d83;\">Cabana Padi\u0219 \u2013 Pe\u0219tera Cet\u0103\u021bile R\u0103desei <\/h4>\r\n\t<div class=\"primrose-sow-feature-description\"><p><strong><\/strong><\/p><\/div>\r\n<\/div><!-- .primrose-sow-feature --><\/div><\/div><\/div><div id=\"pgc-533-5-3\"  class=\"panel-grid-cell\" ><div id=\"panel-533-5-3-0\" class=\"so-panel widget widget_primrose-sow-feature panel-first-child panel-last-child\" data-index=\"10\" ><div\n\t\t\t\n\t\t\tclass=\"so-widget-primrose-sow-feature so-widget-primrose-sow-feature-default-d75171398898-533\"\n\t\t\t\n\t\t><div class=\"primrose-sow-feature\">\r\n\t<div class=\"primrose-sow-feature-icon\"><img loading=\"lazy\" decoding=\"async\" width=\"800\" height=\"800\" src=\"https:\/\/aventuratrekking.ro\/wp-content\/uploads\/2017\/07\/cetatile-ponorului.jpg\" class=\"attachment-full size-full\" alt=\"\" srcset=\"https:\/\/aventuratrekking.ro\/wp-content\/uploads\/2017\/07\/cetatile-ponorului.jpg 800w, https:\/\/aventuratrekking.ro\/wp-content\/uploads\/2017\/07\/cetatile-ponorului-300x300.jpg 300w, https:\/\/aventuratrekking.ro\/wp-content\/uploads\/2017\/07\/cetatile-ponorului-100x100.jpg 100w, https:\/\/aventuratrekking.ro\/wp-content\/uploads\/2017\/07\/cetatile-ponorului-600x600.jpg 600w, https:\/\/aventuratrekking.ro\/wp-content\/uploads\/2017\/07\/cetatile-ponorului-150x150.jpg 150w, https:\/\/aventuratrekking.ro\/wp-content\/uploads\/2017\/07\/cetatile-ponorului-768x768.jpg 768w, https:\/\/aventuratrekking.ro\/wp-content\/uploads\/2017\/07\/cetatile-ponorului-480x480.jpg 480w\" sizes=\"auto, (max-width: 800px) 100vw, 800px\" \/><\/div>\r\n\t<h4 class=\"primrose-sow-feature-heading\" style=\"color: #2a4d83;\">Circuitul Cet\u0103\u021bile Ponorului<\/h4>\r\n\t<div class=\"primrose-sow-feature-description\"><\/div>\r\n<\/div><!-- .primrose-sow-feature --><\/div><\/div><\/div><\/div><\/div><div id=\"pg-533-6\"  class=\"panel-grid panel-has-style\" ><div class=\"panel-row-style panel-row-style-for-533-6\" ><div id=\"pgc-533-6-0\"  class=\"panel-grid-cell\" ><div id=\"panel-533-6-0-0\" class=\"so-panel widget widget_primrose-sow-heading panel-first-child panel-last-child\" data-index=\"11\" ><div\n\t\t\t\n\t\t\tclass=\"so-widget-primrose-sow-heading so-widget-primrose-sow-heading-default-d75171398898-533\"\n\t\t\t\n\t\t><h2 class=\"primrose-sow-heading primrose-sow-alignment-center\">Tarife echipamente VIA FERRATA<\/h2><\/div><\/div><\/div><\/div><\/div><div id=\"pg-533-7\"  class=\"panel-grid panel-has-style\" ><div class=\"siteorigin-panels-stretch panel-row-style panel-row-style-for-533-7\" data-stretch-type=\"full\" id=\"features\" data-anchor=\"features\" ><div id=\"pgc-533-7-0\"  class=\"panel-grid-cell\" ><div id=\"panel-533-7-0-0\" class=\"so-panel widget widget_primrose-sow-feature panel-first-child panel-last-child\" data-index=\"12\" ><div\n\t\t\t\n\t\t\tclass=\"so-widget-primrose-sow-feature so-widget-primrose-sow-feature-default-d75171398898-533\"\n\t\t\t\n\t\t><div class=\"primrose-sow-feature\">\r\n\t<div class=\"primrose-sow-feature-icon\"><img loading=\"lazy\" decoding=\"async\" width=\"800\" height=\"800\" src=\"https:\/\/aventuratrekking.ro\/wp-content\/uploads\/2017\/07\/pietrele-negre-1.jpg\" class=\"attachment-full size-full\" alt=\"\" srcset=\"https:\/\/aventuratrekking.ro\/wp-content\/uploads\/2017\/07\/pietrele-negre-1.jpg 800w, https:\/\/aventuratrekking.ro\/wp-content\/uploads\/2017\/07\/pietrele-negre-1-300x300.jpg 300w, https:\/\/aventuratrekking.ro\/wp-content\/uploads\/2017\/07\/pietrele-negre-1-100x100.jpg 100w, https:\/\/aventuratrekking.ro\/wp-content\/uploads\/2017\/07\/pietrele-negre-1-600x600.jpg 600w, https:\/\/aventuratrekking.ro\/wp-content\/uploads\/2017\/07\/pietrele-negre-1-150x150.jpg 150w, https:\/\/aventuratrekking.ro\/wp-content\/uploads\/2017\/07\/pietrele-negre-1-768x768.jpg 768w, https:\/\/aventuratrekking.ro\/wp-content\/uploads\/2017\/07\/pietrele-negre-1-480x480.jpg 480w\" sizes=\"auto, (max-width: 800px) 100vw, 800px\" \/><\/div>\r\n\t<h4 class=\"primrose-sow-feature-heading\" style=\"color: #2a4d83;\">KIT COMPLET<\/h4>\r\n\t<div class=\"primrose-sow-feature-description\"><ul>\n<li>200 lei \/zi (1 zi)<\/li>\n<li>170 lei\/zi (2-3 zile)<\/li>\n<li>150 lei\/zi(&gt;5 zile)<\/li>\n<\/ul>\n<\/div>\r\n<\/div><!-- .primrose-sow-feature --><\/div><\/div><\/div><div id=\"pgc-533-7-1\"  class=\"panel-grid-cell\" ><div id=\"panel-533-7-1-0\" class=\"so-panel widget widget_primrose-sow-feature panel-first-child panel-last-child\" data-index=\"13\" ><div\n\t\t\t\n\t\t\tclass=\"so-widget-primrose-sow-feature so-widget-primrose-sow-feature-default-d75171398898-533\"\n\t\t\t\n\t\t><div class=\"primrose-sow-feature\">\r\n\t<div class=\"primrose-sow-feature-icon\"><img loading=\"lazy\" decoding=\"async\" width=\"800\" height=\"800\" src=\"https:\/\/aventuratrekking.ro\/wp-content\/uploads\/2017\/07\/Hamuri-Petzl.jpg\" class=\"attachment-full size-full\" alt=\"\" srcset=\"https:\/\/aventuratrekking.ro\/wp-content\/uploads\/2017\/07\/Hamuri-Petzl.jpg 800w, https:\/\/aventuratrekking.ro\/wp-content\/uploads\/2017\/07\/Hamuri-Petzl-300x300.jpg 300w, https:\/\/aventuratrekking.ro\/wp-content\/uploads\/2017\/07\/Hamuri-Petzl-100x100.jpg 100w, https:\/\/aventuratrekking.ro\/wp-content\/uploads\/2017\/07\/Hamuri-Petzl-600x600.jpg 600w, https:\/\/aventuratrekking.ro\/wp-content\/uploads\/2017\/07\/Hamuri-Petzl-150x150.jpg 150w, https:\/\/aventuratrekking.ro\/wp-content\/uploads\/2017\/07\/Hamuri-Petzl-768x768.jpg 768w, https:\/\/aventuratrekking.ro\/wp-content\/uploads\/2017\/07\/Hamuri-Petzl-480x480.jpg 480w\" sizes=\"auto, (max-width: 800px) 100vw, 800px\" \/><\/div>\r\n\t<h4 class=\"primrose-sow-feature-heading\" style=\"color: #2a4d83;\">Hamuri Petzl<\/h4>\r\n\t<div class=\"primrose-sow-feature-description\"><ul>\n<li>170 lei \/zi (1 zi)<\/li>\n<li>150 lei\/zi (2-3 zile)<\/li>\n<li>140 lei\/zi(&gt;5 zile)<\/li>\n<\/ul>\n<\/div>\r\n<\/div><!-- .primrose-sow-feature --><\/div><\/div><\/div><div id=\"pgc-533-7-2\"  class=\"panel-grid-cell\" ><div id=\"panel-533-7-2-0\" class=\"so-panel widget widget_primrose-sow-feature panel-first-child panel-last-child\" data-index=\"14\" ><div\n\t\t\t\n\t\t\tclass=\"so-widget-primrose-sow-feature so-widget-primrose-sow-feature-default-d75171398898-533\"\n\t\t\t\n\t\t><div class=\"primrose-sow-feature\">\r\n\t<div class=\"primrose-sow-feature-icon\"><img loading=\"lazy\" decoding=\"async\" width=\"800\" height=\"800\" src=\"https:\/\/aventuratrekking.ro\/wp-content\/uploads\/2017\/07\/casca-petzl-elios-culoare-blue-5893.jpg\" class=\"attachment-full size-full\" alt=\"\" srcset=\"https:\/\/aventuratrekking.ro\/wp-content\/uploads\/2017\/07\/casca-petzl-elios-culoare-blue-5893.jpg 800w, https:\/\/aventuratrekking.ro\/wp-content\/uploads\/2017\/07\/casca-petzl-elios-culoare-blue-5893-300x300.jpg 300w, https:\/\/aventuratrekking.ro\/wp-content\/uploads\/2017\/07\/casca-petzl-elios-culoare-blue-5893-100x100.jpg 100w, https:\/\/aventuratrekking.ro\/wp-content\/uploads\/2017\/07\/casca-petzl-elios-culoare-blue-5893-600x600.jpg 600w, https:\/\/aventuratrekking.ro\/wp-content\/uploads\/2017\/07\/casca-petzl-elios-culoare-blue-5893-150x150.jpg 150w, https:\/\/aventuratrekking.ro\/wp-content\/uploads\/2017\/07\/casca-petzl-elios-culoare-blue-5893-768x768.jpg 768w, https:\/\/aventuratrekking.ro\/wp-content\/uploads\/2017\/07\/casca-petzl-elios-culoare-blue-5893-480x480.jpg 480w\" sizes=\"auto, (max-width: 800px) 100vw, 800px\" \/><\/div>\r\n\t<h4 class=\"primrose-sow-feature-heading\" style=\"color: #2a4d83;\">C\u0103\u015fti Petzl+m\u0103nu\u0219i<\/h4>\r\n\t<div class=\"primrose-sow-feature-description\"><ul>\n<li>140 lei \/zi (1 zi)<\/li>\n<li>120 lei\/zi (2-3 zile)<\/li>\n<li>100 lei\/zi(&gt;5 zile)<\/li>\n<\/ul>\n<\/div>\r\n<\/div><!-- .primrose-sow-feature --><\/div><\/div><\/div><div id=\"pgc-533-7-3\"  class=\"panel-grid-cell\" ><div id=\"panel-533-7-3-0\" class=\"so-panel widget widget_primrose-sow-feature panel-first-child panel-last-child\" data-index=\"15\" ><div\n\t\t\t\n\t\t\tclass=\"so-widget-primrose-sow-feature so-widget-primrose-sow-feature-default-d75171398898-533\"\n\t\t\t\n\t\t><div class=\"primrose-sow-feature\">\r\n\t<div class=\"primrose-sow-feature-icon\"><img loading=\"lazy\" decoding=\"async\" width=\"800\" height=\"800\" src=\"https:\/\/aventuratrekking.ro\/wp-content\/uploads\/2017\/07\/lonja-petzl-scorpio.jpg\" class=\"attachment-full size-full\" alt=\"\" srcset=\"https:\/\/aventuratrekking.ro\/wp-content\/uploads\/2017\/07\/lonja-petzl-scorpio.jpg 800w, https:\/\/aventuratrekking.ro\/wp-content\/uploads\/2017\/07\/lonja-petzl-scorpio-300x300.jpg 300w, https:\/\/aventuratrekking.ro\/wp-content\/uploads\/2017\/07\/lonja-petzl-scorpio-100x100.jpg 100w, https:\/\/aventuratrekking.ro\/wp-content\/uploads\/2017\/07\/lonja-petzl-scorpio-600x600.jpg 600w, https:\/\/aventuratrekking.ro\/wp-content\/uploads\/2017\/07\/lonja-petzl-scorpio-150x150.jpg 150w, https:\/\/aventuratrekking.ro\/wp-content\/uploads\/2017\/07\/lonja-petzl-scorpio-768x768.jpg 768w, https:\/\/aventuratrekking.ro\/wp-content\/uploads\/2017\/07\/lonja-petzl-scorpio-480x480.jpg 480w\" sizes=\"auto, (max-width: 800px) 100vw, 800px\" \/><\/div>\r\n\t<h4 class=\"primrose-sow-feature-heading\" style=\"color: #2a4d83;\">Lonj\u0103 Petzl Scorpio<\/h4>\r\n\t<div class=\"primrose-sow-feature-description\"><ul>\n<li>170 lei \/zi (1 zi)<\/li>\n<li>160 lei\/zi (2-3 zile)<\/li>\n<li>150 lei\/zi(&gt;5 zile)<\/li>\n<\/ul>\n<\/div>\r\n<\/div><!-- .primrose-sow-feature --><\/div><\/div><\/div><\/div><\/div><div id=\"pg-533-8\"  class=\"panel-grid panel-has-style\" ><div class=\"panel-row-style panel-row-style-for-533-8\" ><div id=\"pgc-533-8-0\"  class=\"panel-grid-cell\" ><div id=\"panel-533-8-0-0\" class=\"so-panel widget widget_primrose-sow-cta panel-first-child panel-last-child\" data-index=\"16\" ><div\n\t\t\t\n\t\t\tclass=\"so-widget-primrose-sow-cta so-widget-primrose-sow-cta-default-d75171398898-533\"\n\t\t\t\n\t\t><div class=\"primrose-sow-cta primrose-sow-cta-\">\r\n\t\t\t<div class=\"primrose-sow-cta-text\">Pentru \u00eenscriere sau cerere oferta accesati butonul de mai jos<\/div>\r\n\t\r\n\t<div\n\t\t\t\n\t\t\tclass=\"so-widget-primrose-sow-buttons so-widget-primrose-sow-buttons-default-aadd0c292cf5\"\n\t\t\t\n\t\t>\t<div class=\"primrose-sow-buttons primrose-sow-alignment-center\">\r\n\t\t\t\t\t<a href=\"#\"\r\n\t\t\t\tclass=\"primrose-sow-button primrose-sow-button-0 button anchor-link\"\r\n\t\t\t\t>\r\n\t\t\t\tCerere oferta\t\t\t<\/a>\r\n\t\t\t<\/div><!-- .primrose-sow-buttons -->\r\n<\/div><\/div><!-- .primrose-sow-cta --><\/div><\/div><\/div><\/div><\/div><\/div>","protected":false},"excerpt":{"rendered":"<p>Via ferrata este un traseu montan ce ofer\u0103 turi\u0219tilor priveli\u0219ti spectaculoase. Traseele sunt prev\u0103zute cu cabluri, cu sc\u0103ri \u0219i poduri metalice, prinse direct \u00een st\u00e2nca. Dat fiind faptul c\u0103 un astfel de traseu este amenajat deja cu corzi, ve\u021bi avea posibilitatea de a nu aduce corzi de c\u0103\u021b\u0103rare de acas\u0103. Oricat ar parea \u00eensa de [&hellip;]<\/p>\n","protected":false},"author":1,"featured_media":0,"parent":0,"menu_order":0,"comment_status":"closed","ping_status":"closed","template":"page-templates\/blank.php","meta":{"ngg_post_thumbnail":0,"footnotes":""},"class_list":["post-533","page","type-page","status-publish","hentry"],"_links":{"self":[{"href":"https:\/\/aventuratrekking.ro\/en\/wp-json\/wp\/v2\/pages\/533","targetHints":{"allow":["GET"]}}],"collection":[{"href":"https:\/\/aventuratrekking.ro\/en\/wp-json\/wp\/v2\/pages"}],"about":[{"href":"https:\/\/aventuratrekking.ro\/en\/wp-json\/wp\/v2\/types\/page"}],"author":[{"embeddable":true,"href":"https:\/\/aventuratrekking.ro\/en\/wp-json\/wp\/v2\/users\/1"}],"replies":[{"embeddable":true,"href":"https:\/\/aventuratrekking.ro\/en\/wp-json\/wp\/v2\/comments?post=533"}],"version-history":[{"count":74,"href":"https:\/\/aventuratrekking.ro\/en\/wp-json\/wp\/v2\/pages\/533\/revisions"}],"predecessor-version":[{"id":1588,"href":"https:\/\/aventuratrekking.ro\/en\/wp-json\/wp\/v2\/pages\/533\/revisions\/1588"}],"wp:attachment":[{"href":"https:\/\/aventuratrekking.ro\/en\/wp-json\/wp\/v2\/media?parent=533"}],"curies":[{"name":"wp","href":"https:\/\/api.w.org\/{rel}","templated":true}]}}